{"id":1363,"date":"2023-04-15T17:22:31","date_gmt":"2023-04-15T15:22:31","guid":{"rendered":"http:\/\/lyceealfrednobel.fr\/w\/?page_id=1363"},"modified":"2023-04-29T22:25:21","modified_gmt":"2023-04-29T20:25:21","slug":"cap-epc","status":"publish","type":"page","link":"https:\/\/lyceealfrednobel.fr\/w\/formation\/voie-professionnelle\/cap-epc\/","title":{"rendered":"CAP EPC"},"content":{"rendered":"\n<div class=\"wp-block-columns is-layout-flex wp-container-core-columns-is-layout-28f84493 wp-block-columns-is-layout-flex\">\n<div class=\"wp-block-column is-layout-flow wp-block-column-is-layout-flow\" style=\"flex-basis:33.33%\">\n<figure class=\"wp-block-image size-full\"><img loading=\"lazy\" decoding=\"async\" width=\"400\" height=\"267\" src=\"http:\/\/lyceealfrednobel.fr\/w\/wp-content\/uploads\/2023\/04\/IMG-CAP-EPC.jpg\" alt=\"\" class=\"wp-image-1370\" srcset=\"https:\/\/lyceealfrednobel.fr\/w\/wp-content\/uploads\/2023\/04\/IMG-CAP-EPC.jpg 400w, https:\/\/lyceealfrednobel.fr\/w\/wp-content\/uploads\/2023\/04\/IMG-CAP-EPC-300x200.jpg 300w\" sizes=\"auto, (max-width: 400px) 100vw, 400px\" \/><\/figure>\n<\/div>\n\n\n\n<div class=\"wp-block-column is-vertically-aligned-center is-layout-flow wp-block-column-is-layout-flow\" style=\"flex-basis:66.66%\">\n<h2 class=\"wp-block-heading\" id=\"Bac_pro_Assistance_\u00e0_la_gestion_des_organisations_et_de_leurs_activit\u00e9s\">Certificats d&rsquo;aptitude professionnelle \u00c9quipier polyvalent du commerce<\/h2>\n<\/div>\n<\/div>\n\n\n<div class=\"yoast-breadcrumbs\"><span><span><a href=\"https:\/\/lyceealfrednobel.fr\/w\/\">Accueil<\/a><\/span> \u00bb <span><a href=\"https:\/\/lyceealfrednobel.fr\/w\/formation\/\">FORMATIONS<\/a><\/span> \u00bb <span><a href=\"https:\/\/lyceealfrednobel.fr\/w\/formation\/voie-professionnelle\/\">Voie Professionnelle<\/a><\/span> \u00bb <span class=\"breadcrumb_last\" aria-current=\"page\">CAP EPC<\/span><\/span><\/div>\n\n\n<div class=\"wp-block-columns is-layout-flex wp-container-core-columns-is-layout-28f84493 wp-block-columns-is-layout-flex\">\n<div class=\"wp-block-column is-layout-flow wp-block-column-is-layout-flow\" style=\"flex-basis:5%\"><\/div>\n\n\n\n<div class=\"wp-block-column is-layout-flow wp-block-column-is-layout-flow\" style=\"flex-basis:80%\">\n<h3 class=\"wp-block-heading has-vivid-red-color has-text-color\"><span class=\"underline\" style=\"text-decoration: underline\">Qu&rsquo;est ce que le dipl\u00f4me CAP \u00c9quipier polyvalent du commerce ?<\/span><\/h3>\n\n\n\n<p><em>Ce CAP remplace, \u00e0 compter de la rentr\u00e9e 2020, les 6 CAP suivants : CAP employ\u00e9 de commerce multi-sp\u00e9cialit\u00e9s, CAP vendeur-magasinier en pi\u00e8ces de rechange et \u00e9quipements automobiles, CAP employ\u00e9 de vente sp\u00e9cialis\u00e9 option produits alimentaires, option produits d&rsquo;\u00e9quipement courant, services \u00e0 la client\u00e8le, option produits de librairie-papeterie-presse.<\/em><\/p>\n\n\n\n<p>Le CAP \u00e9quipier polyvalent du commerce forme aux techniques de commercialisation de produits ou de services. Les enseignements donnent les connaissances sur les circuits de distribution, sur les modes d&rsquo;approvisionnement, les proc\u00e9dures de stockage des marchandises. Les \u00e9l\u00e8ves apprennent les principes de rangement, d&rsquo;\u00e9tiquetage, de mise en rayon des produits. Ils sont form\u00e9s \u00e0 utiliser des documents commerciaux tels que des documents d&rsquo;inventaire, de livraison, \u00e0 se servir de logiciels de caisse. Les enseignements en communication professionnelle et commerciale permettent aux \u00e9l\u00e8ves d&rsquo;\u00e9tablir le contact avec la client\u00e8le afin de l&rsquo;accompagner dans ses achats.<\/p>\n\n\n\n<h3 class=\"wp-block-heading has-vivid-red-color has-text-color\"><span class=\"underline\" style=\"text-decoration: underline\">Comment int\u00e9grer le CAP EPC ?<\/span><\/h3>\n\n\n\n<p>L\u2019admission au CAP EPC se r\u00e9alise apr\u00e8s la classe de 3\u1d49 g\u00e9n\u00e9rale ou pr\u00e9pa-m\u00e9tiers. Il est \u00e9galement possible de rejoindre le cursus en cas de r\u00e9orientation dans les m\u00e9tiers du commerce et de la vente.<\/p>\n\n\n\n<h3 class=\"wp-block-heading has-vivid-red-color has-text-color\"><span style=\"text-decoration: underline\" class=\"underline\">Les poursuites d&rsquo;\u00e9tudes<\/span><\/h3>\n\n\n\n<div class=\"wp-block-columns is-layout-flex wp-container-core-columns-is-layout-28f84493 wp-block-columns-is-layout-flex\">\n<div class=\"wp-block-column is-layout-flow wp-block-column-is-layout-flow\">\n<p style=\"font-size:16px\">Ce CAP d\u00e9bouche sur la vie active mais il est possible, sous certaines conditions, de poursuivre des \u00e9tudes en 1 an en MC (mention compl\u00e9mentaire) ou en 2 ans en bac pro.<\/p>\n<\/div>\n\n\n\n<div class=\"wp-block-column is-layout-flow wp-block-column-is-layout-flow\">\n<p style=\"font-size:16px\"><span class=\"underline\" style=\"text-decoration: underline\">Exemple(s) de formation(s) possible(s)<\/span><\/p>\n\n\n\n<ul class=\"wp-block-list\">\n<li><a href=\"https:\/\/www.onisep.fr\/ressources\/univers-formation\/Formations\/Lycees\/bac-pro-metiers-du-commerce-et-de-la-vente-option-a-animation-et-gestion-de-l-espace-commercial\">Bac pro M\u00e9tiers du commerce et de la vente option A animation et gestion de l&rsquo;espace commercial<\/a><\/li>\n\n\n\n<li><a href=\"https:\/\/www.onisep.fr\/ressources\/univers-formation\/Formations\/Lycees\/bac-pro-metiers-du-commerce-et-de-la-vente-option-b-prospection-clientele-et-valorisation-de-l-offre-commerciale\">Bac pro M\u00e9tiers du commerce et de la vente option B prospection client\u00e8le et valorisation de l&rsquo;offre commerciale<\/a><\/li>\n\n\n\n<li><a href=\"https:\/\/www.onisep.fr\/ressources\/univers-formation\/Formations\/Lycees\/bac-pro-technicien-conseil-vente-en-alimentation-produits-alimentaires-et-boissons\">Bac pro technicien conseil vente en alimentation (produits alimentaires et boissons)<\/a><\/li>\n\n\n\n<li><a href=\"https:\/\/www.onisep.fr\/ressources\/univers-formation\/Formations\/Post-bac\/mc-assistance-conseil-vente-a-distance\">MC Assistance, conseil, vente \u00e0 distance<\/a><\/li>\n<\/ul>\n<\/div>\n<\/div>\n\n\n\n<h3 class=\"wp-block-heading has-vivid-red-color has-text-color\"><\/h3>\n<\/div>\n\n\n\n<div class=\"wp-block-column is-layout-flow wp-block-column-is-layout-flow\" style=\"flex-basis:10%\"><\/div>\n<\/div>\n","protected":false},"excerpt":{"rendered":"<p>Certificats d&rsquo;aptitude professionnelle \u00c9quipier polyvalent du commerce Qu&rsquo;est ce que le dipl\u00f4me CAP \u00c9quipier polyvalent du commerce ? Ce CAP [&hellip;]<\/p>\n","protected":false},"author":1,"featured_media":0,"parent":986,"menu_order":0,"comment_status":"closed","ping_status":"closed","template":"","meta":{"_uag_custom_page_level_css":"","site-sidebar-layout":"default","site-content-layout":"","ast-site-content-layout":"","site-content-style":"default","site-sidebar-style":"default","ast-global-header-display":"","ast-banner-title-visibility":"","ast-main-header-display":"","ast-hfb-above-header-display":"","ast-hfb-below-header-display":"","ast-hfb-mobile-header-display":"","site-post-title":"","ast-breadcrumbs-content":"","ast-featured-img":"","footer-sml-layout":"","theme-transparent-header-meta":"","adv-header-id-meta":"","stick-header-meta":"","header-above-stick-meta":"","header-main-stick-meta":"","header-below-stick-meta":"","astra-migrate-meta-layouts":"default","ast-page-background-enabled":"default","ast-page-background-meta":{"desktop":{"background-color":"var(--ast-global-color-4)","background-image":"","background-repeat":"repeat","background-position":"center center","background-size":"auto","background-attachment":"scroll","background-type":"","background-media":"","overlay-type":"","overlay-color":"","overlay-opacity":"","overlay-gradient":""},"tablet":{"background-color":"","background-image":"","background-repeat":"repeat","background-position":"center center","background-size":"auto","background-attachment":"scroll","background-type":"","background-media":"","overlay-type":"","overlay-color":"","overlay-opacity":"","overlay-gradient":""},"mobile":{"background-color":"","background-image":"","background-repeat":"repeat","background-position":"center center","background-size":"auto","background-attachment":"scroll","background-type":"","background-media":"","overlay-type":"","overlay-color":"","overlay-opacity":"","overlay-gradient":""}},"ast-content-background-meta":{"desktop":{"background-color":"var(--ast-global-color-5)","background-image":"","background-repeat":"repeat","background-position":"center center","background-size":"auto","background-attachment":"scroll","background-type":"","background-media":"","overlay-type":"","overlay-color":"","overlay-opacity":"","overlay-gradient":""},"tablet":{"background-color":"var(--ast-global-color-5)","background-image":"","background-repeat":"repeat","background-position":"center center","background-size":"auto","background-attachment":"scroll","background-type":"","background-media":"","overlay-type":"","overlay-color":"","overlay-opacity":"","overlay-gradient":""},"mobile":{"background-color":"var(--ast-global-color-5)","background-image":"","background-repeat":"repeat","background-position":"center center","background-size":"auto","background-attachment":"scroll","background-type":"","background-media":"","overlay-type":"","overlay-color":"","overlay-opacity":"","overlay-gradient":""}},"footnotes":""},"class_list":["post-1363","page","type-page","status-publish","hentry"],"yoast_head":"<!-- This site is optimized with the Yoast SEO plugin v26.7 - https:\/\/yoast.com\/wordpress\/plugins\/seo\/ -->\n<title>CAP EPC -<\/title>\n<meta name=\"robots\" content=\"index, follow, max-snippet:-1, max-image-preview:large, max-video-preview:-1\" \/>\n<link rel=\"canonical\" href=\"https:\/\/lyceealfrednobel.fr\/w\/formation\/voie-professionnelle\/cap-epc\/\" \/>\n<meta property=\"og:locale\" content=\"fr_FR\" \/>\n<meta property=\"og:type\" content=\"article\" \/>\n<meta property=\"og:title\" content=\"CAP EPC -\" \/>\n<meta property=\"og:description\" content=\"Certificats d&rsquo;aptitude professionnelle \u00c9quipier polyvalent du commerce Qu&rsquo;est ce que le dipl\u00f4me CAP \u00c9quipier polyvalent du commerce ? Ce CAP [&hellip;]\" \/>\n<meta property=\"og:url\" content=\"https:\/\/lyceealfrednobel.fr\/w\/formation\/voie-professionnelle\/cap-epc\/\" \/>\n<meta property=\"article:modified_time\" content=\"2023-04-29T20:25:21+00:00\" \/>\n<meta property=\"og:image\" content=\"http:\/\/lyceealfrednobel.fr\/w\/wp-content\/uploads\/2023\/04\/IMG-CAP-EPC.jpg\" \/>\n<meta name=\"twitter:card\" content=\"summary_large_image\" \/>\n<meta name=\"twitter:label1\" content=\"Dur\u00e9e de lecture estim\u00e9e\" \/>\n\t<meta name=\"twitter:data1\" content=\"2 minutes\" \/>\n<script type=\"application\/ld+json\" class=\"yoast-schema-graph\">{\"@context\":\"https:\/\/schema.org\",\"@graph\":[{\"@type\":\"WebPage\",\"@id\":\"https:\/\/lyceealfrednobel.fr\/w\/formation\/voie-professionnelle\/cap-epc\/\",\"url\":\"https:\/\/lyceealfrednobel.fr\/w\/formation\/voie-professionnelle\/cap-epc\/\",\"name\":\"CAP EPC -\",\"isPartOf\":{\"@id\":\"https:\/\/lyceealfrednobel.fr\/w\/#website\"},\"primaryImageOfPage\":{\"@id\":\"https:\/\/lyceealfrednobel.fr\/w\/formation\/voie-professionnelle\/cap-epc\/#primaryimage\"},\"image\":{\"@id\":\"https:\/\/lyceealfrednobel.fr\/w\/formation\/voie-professionnelle\/cap-epc\/#primaryimage\"},\"thumbnailUrl\":\"http:\/\/lyceealfrednobel.fr\/w\/wp-content\/uploads\/2023\/04\/IMG-CAP-EPC.jpg\",\"datePublished\":\"2023-04-15T15:22:31+00:00\",\"dateModified\":\"2023-04-29T20:25:21+00:00\",\"breadcrumb\":{\"@id\":\"https:\/\/lyceealfrednobel.fr\/w\/formation\/voie-professionnelle\/cap-epc\/#breadcrumb\"},\"inLanguage\":\"fr-FR\",\"potentialAction\":[{\"@type\":\"ReadAction\",\"target\":[\"https:\/\/lyceealfrednobel.fr\/w\/formation\/voie-professionnelle\/cap-epc\/\"]}]},{\"@type\":\"ImageObject\",\"inLanguage\":\"fr-FR\",\"@id\":\"https:\/\/lyceealfrednobel.fr\/w\/formation\/voie-professionnelle\/cap-epc\/#primaryimage\",\"url\":\"https:\/\/lyceealfrednobel.fr\/w\/wp-content\/uploads\/2023\/04\/IMG-CAP-EPC.jpg\",\"contentUrl\":\"https:\/\/lyceealfrednobel.fr\/w\/wp-content\/uploads\/2023\/04\/IMG-CAP-EPC.jpg\",\"width\":400,\"height\":267},{\"@type\":\"BreadcrumbList\",\"@id\":\"https:\/\/lyceealfrednobel.fr\/w\/formation\/voie-professionnelle\/cap-epc\/#breadcrumb\",\"itemListElement\":[{\"@type\":\"ListItem\",\"position\":1,\"name\":\"Accueil\",\"item\":\"https:\/\/lyceealfrednobel.fr\/w\/\"},{\"@type\":\"ListItem\",\"position\":2,\"name\":\"FORMATIONS\",\"item\":\"https:\/\/lyceealfrednobel.fr\/w\/formation\/\"},{\"@type\":\"ListItem\",\"position\":3,\"name\":\"Voie Professionnelle\",\"item\":\"https:\/\/lyceealfrednobel.fr\/w\/formation\/voie-professionnelle\/\"},{\"@type\":\"ListItem\",\"position\":4,\"name\":\"CAP EPC\"}]},{\"@type\":\"WebSite\",\"@id\":\"https:\/\/lyceealfrednobel.fr\/w\/#website\",\"url\":\"https:\/\/lyceealfrednobel.fr\/w\/\",\"name\":\"Lycee Alfred Nobel\",\"description\":\"\",\"publisher\":{\"@id\":\"https:\/\/lyceealfrednobel.fr\/w\/#organization\"},\"potentialAction\":[{\"@type\":\"SearchAction\",\"target\":{\"@type\":\"EntryPoint\",\"urlTemplate\":\"https:\/\/lyceealfrednobel.fr\/w\/?s={search_term_string}\"},\"query-input\":{\"@type\":\"PropertyValueSpecification\",\"valueRequired\":true,\"valueName\":\"search_term_string\"}}],\"inLanguage\":\"fr-FR\"},{\"@type\":\"Organization\",\"@id\":\"https:\/\/lyceealfrednobel.fr\/w\/#organization\",\"name\":\"Lycee Alfred Nobel\",\"url\":\"https:\/\/lyceealfrednobel.fr\/w\/\",\"logo\":{\"@type\":\"ImageObject\",\"inLanguage\":\"fr-FR\",\"@id\":\"https:\/\/lyceealfrednobel.fr\/w\/#\/schema\/logo\/image\/\",\"url\":\"https:\/\/lyceealfrednobel.fr\/w\/wp-content\/uploads\/2022\/06\/cropped-logopng.png\",\"contentUrl\":\"https:\/\/lyceealfrednobel.fr\/w\/wp-content\/uploads\/2022\/06\/cropped-logopng.png\",\"width\":132,\"height\":155,\"caption\":\"Lycee Alfred Nobel\"},\"image\":{\"@id\":\"https:\/\/lyceealfrednobel.fr\/w\/#\/schema\/logo\/image\/\"}}]}<\/script>\n<!-- \/ Yoast SEO plugin. -->","yoast_head_json":{"title":"CAP EPC -","robots":{"index":"index","follow":"follow","max-snippet":"max-snippet:-1","max-image-preview":"max-image-preview:large","max-video-preview":"max-video-preview:-1"},"canonical":"https:\/\/lyceealfrednobel.fr\/w\/formation\/voie-professionnelle\/cap-epc\/","og_locale":"fr_FR","og_type":"article","og_title":"CAP EPC -","og_description":"Certificats d&rsquo;aptitude professionnelle \u00c9quipier polyvalent du commerce Qu&rsquo;est ce que le dipl\u00f4me CAP \u00c9quipier polyvalent du commerce ? Ce CAP [&hellip;]","og_url":"https:\/\/lyceealfrednobel.fr\/w\/formation\/voie-professionnelle\/cap-epc\/","article_modified_time":"2023-04-29T20:25:21+00:00","og_image":[{"url":"http:\/\/lyceealfrednobel.fr\/w\/wp-content\/uploads\/2023\/04\/IMG-CAP-EPC.jpg","type":"","width":"","height":""}],"twitter_card":"summary_large_image","twitter_misc":{"Dur\u00e9e de lecture estim\u00e9e":"2 minutes"},"schema":{"@context":"https:\/\/schema.org","@graph":[{"@type":"WebPage","@id":"https:\/\/lyceealfrednobel.fr\/w\/formation\/voie-professionnelle\/cap-epc\/","url":"https:\/\/lyceealfrednobel.fr\/w\/formation\/voie-professionnelle\/cap-epc\/","name":"CAP EPC -","isPartOf":{"@id":"https:\/\/lyceealfrednobel.fr\/w\/#website"},"primaryImageOfPage":{"@id":"https:\/\/lyceealfrednobel.fr\/w\/formation\/voie-professionnelle\/cap-epc\/#primaryimage"},"image":{"@id":"https:\/\/lyceealfrednobel.fr\/w\/formation\/voie-professionnelle\/cap-epc\/#primaryimage"},"thumbnailUrl":"http:\/\/lyceealfrednobel.fr\/w\/wp-content\/uploads\/2023\/04\/IMG-CAP-EPC.jpg","datePublished":"2023-04-15T15:22:31+00:00","dateModified":"2023-04-29T20:25:21+00:00","breadcrumb":{"@id":"https:\/\/lyceealfrednobel.fr\/w\/formation\/voie-professionnelle\/cap-epc\/#breadcrumb"},"inLanguage":"fr-FR","potentialAction":[{"@type":"ReadAction","target":["https:\/\/lyceealfrednobel.fr\/w\/formation\/voie-professionnelle\/cap-epc\/"]}]},{"@type":"ImageObject","inLanguage":"fr-FR","@id":"https:\/\/lyceealfrednobel.fr\/w\/formation\/voie-professionnelle\/cap-epc\/#primaryimage","url":"https:\/\/lyceealfrednobel.fr\/w\/wp-content\/uploads\/2023\/04\/IMG-CAP-EPC.jpg","contentUrl":"https:\/\/lyceealfrednobel.fr\/w\/wp-content\/uploads\/2023\/04\/IMG-CAP-EPC.jpg","width":400,"height":267},{"@type":"BreadcrumbList","@id":"https:\/\/lyceealfrednobel.fr\/w\/formation\/voie-professionnelle\/cap-epc\/#breadcrumb","itemListElement":[{"@type":"ListItem","position":1,"name":"Accueil","item":"https:\/\/lyceealfrednobel.fr\/w\/"},{"@type":"ListItem","position":2,"name":"FORMATIONS","item":"https:\/\/lyceealfrednobel.fr\/w\/formation\/"},{"@type":"ListItem","position":3,"name":"Voie Professionnelle","item":"https:\/\/lyceealfrednobel.fr\/w\/formation\/voie-professionnelle\/"},{"@type":"ListItem","position":4,"name":"CAP EPC"}]},{"@type":"WebSite","@id":"https:\/\/lyceealfrednobel.fr\/w\/#website","url":"https:\/\/lyceealfrednobel.fr\/w\/","name":"Lycee Alfred Nobel","description":"","publisher":{"@id":"https:\/\/lyceealfrednobel.fr\/w\/#organization"},"potentialAction":[{"@type":"SearchAction","target":{"@type":"EntryPoint","urlTemplate":"https:\/\/lyceealfrednobel.fr\/w\/?s={search_term_string}"},"query-input":{"@type":"PropertyValueSpecification","valueRequired":true,"valueName":"search_term_string"}}],"inLanguage":"fr-FR"},{"@type":"Organization","@id":"https:\/\/lyceealfrednobel.fr\/w\/#organization","name":"Lycee Alfred Nobel","url":"https:\/\/lyceealfrednobel.fr\/w\/","logo":{"@type":"ImageObject","inLanguage":"fr-FR","@id":"https:\/\/lyceealfrednobel.fr\/w\/#\/schema\/logo\/image\/","url":"https:\/\/lyceealfrednobel.fr\/w\/wp-content\/uploads\/2022\/06\/cropped-logopng.png","contentUrl":"https:\/\/lyceealfrednobel.fr\/w\/wp-content\/uploads\/2022\/06\/cropped-logopng.png","width":132,"height":155,"caption":"Lycee Alfred Nobel"},"image":{"@id":"https:\/\/lyceealfrednobel.fr\/w\/#\/schema\/logo\/image\/"}}]}},"uagb_featured_image_src":{"full":false,"thumbnail":false,"medium":false,"medium_large":false,"large":false,"1536x1536":false,"2048x2048":false,"ultp_layout_landscape_large":false,"ultp_layout_landscape":false,"ultp_layout_portrait":false,"ultp_layout_square":false,"psacp-medium":false},"uagb_author_info":{"display_name":"yheurteloup","author_link":"https:\/\/lyceealfrednobel.fr\/w\/author\/yheurteloup\/"},"uagb_comment_info":0,"uagb_excerpt":"Certificats d&rsquo;aptitude professionnelle \u00c9quipier polyvalent du commerce Qu&rsquo;est ce que le dipl\u00f4me CAP \u00c9quipier polyvalent du commerce ? Ce CAP [&hellip;]","rttpg_featured_image_url":null,"rttpg_author":{"display_name":"yheurteloup","author_link":"https:\/\/lyceealfrednobel.fr\/w\/author\/yheurteloup\/"},"rttpg_comment":0,"rttpg_category":null,"rttpg_excerpt":"Certificats d&rsquo;aptitude professionnelle \u00c9quipier polyvalent du commerce Qu&rsquo;est ce que le dipl\u00f4me CAP \u00c9quipier polyvalent du commerce ? Ce CAP [&hellip;]","_links":{"self":[{"href":"https:\/\/lyceealfrednobel.fr\/w\/wp-json\/wp\/v2\/pages\/1363","targetHints":{"allow":["GET"]}}],"collection":[{"href":"https:\/\/lyceealfrednobel.fr\/w\/wp-json\/wp\/v2\/pages"}],"about":[{"href":"https:\/\/lyceealfrednobel.fr\/w\/wp-json\/wp\/v2\/types\/page"}],"author":[{"embeddable":true,"href":"https:\/\/lyceealfrednobel.fr\/w\/wp-json\/wp\/v2\/users\/1"}],"replies":[{"embeddable":true,"href":"https:\/\/lyceealfrednobel.fr\/w\/wp-json\/wp\/v2\/comments?post=1363"}],"version-history":[{"count":3,"href":"https:\/\/lyceealfrednobel.fr\/w\/wp-json\/wp\/v2\/pages\/1363\/revisions"}],"predecessor-version":[{"id":1373,"href":"https:\/\/lyceealfrednobel.fr\/w\/wp-json\/wp\/v2\/pages\/1363\/revisions\/1373"}],"up":[{"embeddable":true,"href":"https:\/\/lyceealfrednobel.fr\/w\/wp-json\/wp\/v2\/pages\/986"}],"wp:attachment":[{"href":"https:\/\/lyceealfrednobel.fr\/w\/wp-json\/wp\/v2\/media?parent=1363"}],"curies":[{"name":"wp","href":"https:\/\/api.w.org\/{rel}","templated":true}]}}